{"id":1351,"date":"2025-03-31T20:24:00","date_gmt":"2025-03-31T20:24:00","guid":{"rendered":"https:\/\/salasscd.cl\/sitio\/?post_type=mec-events&#038;p=1351"},"modified":"2025-03-31T20:24:00","modified_gmt":"2025-03-31T20:24:00","slug":"samba-con-alma-de-mujer-se-ela-quiser","status":"publish","type":"mec-events","link":"https:\/\/salasscd.cl\/sitio\/events\/samba-con-alma-de-mujer-se-ela-quiser\/","title":{"rendered":"SAMBA CON ALMA DE MUJER: SE ELA QUISER"},"content":{"rendered":"<p>Se ela Quiser es un grupo de samba y pagode femenino, formado en el a\u00f1o 2022, que busca visibilizar la participaci\u00f3n de las mujeres en el escenario del samba, no solo como cantoras sino como tambi\u00e9n como instrumentistas. Ha participado dos a\u00f1os consecutivos en el Encontro Internacional de Mulheres na roda de samba, organizado por mujeres sambistas brasileras y durante este a\u00f1o, en el proyecto La M\u00fasica es femenina, publicaci\u00f3n que re\u00fane diversas agrupaciones musicales de mujeres. Adem\u00e1s, durante el 2023 han realizado diversos talleres de armon\u00eda y percusi\u00f3n gratuitos y abiertos a la comunidad femenina y disidencias, promoviendo su desarrollo musical y participaci\u00f3n en el mundo del samba.<\/p>\n<p>Se ela quiser, una invitaci\u00f3n a ser y poder decidir.<\/p>\n","protected":false},"excerpt":{"rendered":"<p>Se ela Quiser es un grupo de samba y pagode femenino, formado en el a\u00f1o 2022, que busca visibilizar la participaci\u00f3n de las mujeres en el escenario del samba, no solo como cantoras sino como tambi\u00e9n como instrumentistas. Ha participado dos a\u00f1os consecutivos en el Encontro Internacional de Mulheres na roda de samba, organizado por [&hellip;]<\/p>\n","protected":false},"author":1,"featured_media":1352,"comment_status":"closed","ping_status":"closed","template":"","tags":[],"mec_category":[],"class_list":["post-1351","mec-events","type-mec-events","status-publish","has-post-thumbnail","hentry"],"acf":[],"_links":{"self":[{"href":"https:\/\/salasscd.cl\/sitio\/wp-json\/wp\/v2\/mec-events\/1351","targetHints":{"allow":["GET"]}}],"collection":[{"href":"https:\/\/salasscd.cl\/sitio\/wp-json\/wp\/v2\/mec-events"}],"about":[{"href":"https:\/\/salasscd.cl\/sitio\/wp-json\/wp\/v2\/types\/mec-events"}],"author":[{"embeddable":true,"href":"https:\/\/salasscd.cl\/sitio\/wp-json\/wp\/v2\/users\/1"}],"replies":[{"embeddable":true,"href":"https:\/\/salasscd.cl\/sitio\/wp-json\/wp\/v2\/comments?post=1351"}],"version-history":[{"count":1,"href":"https:\/\/salasscd.cl\/sitio\/wp-json\/wp\/v2\/mec-events\/1351\/revisions"}],"predecessor-version":[{"id":1353,"href":"https:\/\/salasscd.cl\/sitio\/wp-json\/wp\/v2\/mec-events\/1351\/revisions\/1353"}],"wp:featuredmedia":[{"embeddable":true,"href":"https:\/\/salasscd.cl\/sitio\/wp-json\/wp\/v2\/media\/1352"}],"wp:attachment":[{"href":"https:\/\/salasscd.cl\/sitio\/wp-json\/wp\/v2\/media?parent=1351"}],"wp:term":[{"taxonomy":"post_tag","embeddable":true,"href":"https:\/\/salasscd.cl\/sitio\/wp-json\/wp\/v2\/tags?post=1351"},{"taxonomy":"mec_category","embeddable":true,"href":"https:\/\/salasscd.cl\/sitio\/wp-json\/wp\/v2\/mec_category?post=1351"}],"curies":[{"name":"wp","href":"https:\/\/api.w.org\/{rel}","templated":true}]}}