{"id":2287,"date":"2025-11-13T19:42:58","date_gmt":"2025-11-13T19:42:58","guid":{"rendered":"https:\/\/salasscd.cl\/sitio\/?post_type=mec-events&#038;p=2287"},"modified":"2025-11-13T19:42:58","modified_gmt":"2025-11-13T19:42:58","slug":"emaflu-cierre-tour-ema-2025-ciclo-sale-el-soul","status":"publish","type":"mec-events","link":"https:\/\/salasscd.cl\/sitio\/events\/emaflu-cierre-tour-ema-2025-ciclo-sale-el-soul\/","title":{"rendered":"EMAFLU: CIERRE TOUR EMA 2025, CICLO SALE EL SOUL"},"content":{"rendered":"<p>EMAFLU \u2013 Cierre de Gira \u201cTour EMA 2025\u201d<\/p>\n<p>\ud83d\udcc5 Viernes 20 de diciembre<br \/>\n\ud83d\udccd Sala SCD Bellavista<\/p>\n<p>Emaflu celebra un a\u00f1o desde el lanzamiento de su \u00e1lbum \u201cEMA\u201d con un concierto especial que marca el cierre de su gira \u201cTour EMA 2025\u201d.<br \/>\nAcompa\u00f1ado de su banda, Emaflu presentar\u00e1 un show donde el trap soul y el R&amp;B contempor\u00e1neo se encuentran con la sensibilidad de la canci\u00f3n urbana chilena.<\/p>\n<p>El p\u00fablico podr\u00e1 disfrutar versiones renovadas de las canciones m\u00e1s destacadas del disco, junto con algunos adelantos de lo que viene para el pr\u00f3ximo ciclo art\u00edstico de Emaflu y por su puesto acompa\u00f1ada de sus invitados.<\/p>\n<p>\ud83c\udf9f\ufe0f Entradas disponibles en la Portal Disc<\/p>\n<p><strong>DATOS PR\u00c1CTICOS:<\/p>\n<p>Hora de Apertura de Puertas: 20:00h<br \/>\nHora aprox. de inicio del show: 20:30h<br \/>\nHora aprox. de t\u00e9rmino del evento: 22:00h<br \/>\nNo puedes ingresar con estos elementos: Alimentos ni bebestibles<br \/>\nS\u00edguenos y etiqu\u00e9tanos en @portaldisc y @salas_scd<br \/>\n<\/strong><\/p>\n<p><strong>Evento para todas las edades.<\/strong><\/p>\n","protected":false},"excerpt":{"rendered":"<p>EMAFLU \u2013 Cierre de Gira \u201cTour EMA 2025\u201d \ud83d\udcc5 Viernes 20 de diciembre \ud83d\udccd Sala SCD Bellavista Emaflu celebra un a\u00f1o desde el lanzamiento de su \u00e1lbum \u201cEMA\u201d con un concierto especial que marca el cierre de su gira \u201cTour EMA 2025\u201d. Acompa\u00f1ado de su banda, Emaflu presentar\u00e1 un show donde el trap soul y [&hellip;]<\/p>\n","protected":false},"author":1,"featured_media":2288,"comment_status":"closed","ping_status":"closed","template":"","tags":[],"mec_category":[45],"class_list":["post-2287","mec-events","type-mec-events","status-publish","has-post-thumbnail","hentry","mec_category-soul"],"acf":[],"_links":{"self":[{"href":"https:\/\/salasscd.cl\/sitio\/wp-json\/wp\/v2\/mec-events\/2287","targetHints":{"allow":["GET"]}}],"collection":[{"href":"https:\/\/salasscd.cl\/sitio\/wp-json\/wp\/v2\/mec-events"}],"about":[{"href":"https:\/\/salasscd.cl\/sitio\/wp-json\/wp\/v2\/types\/mec-events"}],"author":[{"embeddable":true,"href":"https:\/\/salasscd.cl\/sitio\/wp-json\/wp\/v2\/users\/1"}],"replies":[{"embeddable":true,"href":"https:\/\/salasscd.cl\/sitio\/wp-json\/wp\/v2\/comments?post=2287"}],"version-history":[{"count":1,"href":"https:\/\/salasscd.cl\/sitio\/wp-json\/wp\/v2\/mec-events\/2287\/revisions"}],"predecessor-version":[{"id":2289,"href":"https:\/\/salasscd.cl\/sitio\/wp-json\/wp\/v2\/mec-events\/2287\/revisions\/2289"}],"wp:featuredmedia":[{"embeddable":true,"href":"https:\/\/salasscd.cl\/sitio\/wp-json\/wp\/v2\/media\/2288"}],"wp:attachment":[{"href":"https:\/\/salasscd.cl\/sitio\/wp-json\/wp\/v2\/media?parent=2287"}],"wp:term":[{"taxonomy":"post_tag","embeddable":true,"href":"https:\/\/salasscd.cl\/sitio\/wp-json\/wp\/v2\/tags?post=2287"},{"taxonomy":"mec_category","embeddable":true,"href":"https:\/\/salasscd.cl\/sitio\/wp-json\/wp\/v2\/mec_category?post=2287"}],"curies":[{"name":"wp","href":"https:\/\/api.w.org\/{rel}","templated":true}]}}