{"id":3276,"date":"2026-08-17T17:24:49","date_gmt":"2026-08-17T21:24:49","guid":{"rendered":"https:\/\/salasscd.cl\/sitio\/?post_type=mec-events&#038;p=3276"},"modified":"2026-08-17T17:24:49","modified_gmt":"2026-08-17T21:24:49","slug":"duo-mena-corral-callejon-de-recuerdos-ciclo-musica-y-raiz","status":"publish","type":"mec-events","link":"https:\/\/salasscd.cl\/sitio\/events\/duo-mena-corral-callejon-de-recuerdos-ciclo-musica-y-raiz\/","title":{"rendered":"D\u00daO MENA CORRAL: CALLEJ\u00d3N DE RECUERDOS &#8211; CICLO M\u00daSICA Y RA\u00cdZ"},"content":{"rendered":"<p>El s\u00e1bado 26 de Mayo, el D\u00fao Mena Corral llega a la sala SCD Bellavista, presentando lo mejor de su repertorio. Tangos, valses, milongas, foxtrot, ser\u00e1n protagonistas de esta noche, un encuentro \u00edntimo a cargo de Mena Corral en formato cuarteto, recorriendo sonoridades de la primera mitad del siglo XX que quedaron en la memoria colectiva del cono sur de latinoam\u00e9rica. En esta ocasi\u00f3n, el D\u00fao Mena Corral estar\u00e1 acompa\u00f1ado de grandes m\u00fasicos, Miguel Molina en el piano y guitarra y Gonzalo G\u00f3mez en el contrabajo, adem\u00e1s de artistas invitados sorpresa.<\/p>\n<p><strong>DATOS PR\u00c1CTICOS:<\/strong><\/p>\n<p>Hora de Apertura de Puertas: 19:30h<br \/>\nHora aprox. de inicio del show: 20:00h<br \/>\nHora aprox. de t\u00e9rmino del evento: 22:00h<br \/>\nNo puedes ingresar con estos elementos: Alimentos ni bebestibles<br \/>\nS\u00edguenos y etiqu\u00e9tanos en @portaldisc y @salas_SCD<\/p>\n<p><strong>Evento para todas las edades (ni\u00f1os deben tener ticket desde los 3 a\u00f1os)<\/strong><\/p>\n<p><iframe title=\"YouTube video player\" src=\"https:\/\/www.youtube.com\/embed\/YyMfaAcrfY4?si=Vy_YIjQUL7uzuhPP\" width=\"560\" height=\"315\" frameborder=\"0\" allowfullscreen=\"allowfullscreen\"><\/iframe><\/p>\n","protected":false},"excerpt":{"rendered":"<p>El s\u00e1bado 26 de Mayo, el D\u00fao Mena Corral llega a la sala SCD Bellavista, presentando lo mejor de su repertorio. Tangos, valses, milongas, foxtrot, ser\u00e1n protagonistas de esta noche, un encuentro \u00edntimo a cargo de Mena Corral en formato cuarteto, recorriendo sonoridades de la primera mitad del siglo XX que quedaron en la memoria [&hellip;]<\/p>\n","protected":false},"author":4,"featured_media":3277,"comment_status":"closed","ping_status":"closed","template":"","tags":[],"mec_category":[38,32],"class_list":["post-3276","mec-events","type-mec-events","status-publish","has-post-thumbnail","hentry","mec_category-cantautores-cantautoras","mec_category-tradicional-folclorica-chilena"],"acf":[],"_links":{"self":[{"href":"https:\/\/salasscd.cl\/sitio\/wp-json\/wp\/v2\/mec-events\/3276","targetHints":{"allow":["GET"]}}],"collection":[{"href":"https:\/\/salasscd.cl\/sitio\/wp-json\/wp\/v2\/mec-events"}],"about":[{"href":"https:\/\/salasscd.cl\/sitio\/wp-json\/wp\/v2\/types\/mec-events"}],"author":[{"embeddable":true,"href":"https:\/\/salasscd.cl\/sitio\/wp-json\/wp\/v2\/users\/4"}],"replies":[{"embeddable":true,"href":"https:\/\/salasscd.cl\/sitio\/wp-json\/wp\/v2\/comments?post=3276"}],"version-history":[{"count":1,"href":"https:\/\/salasscd.cl\/sitio\/wp-json\/wp\/v2\/mec-events\/3276\/revisions"}],"predecessor-version":[{"id":3278,"href":"https:\/\/salasscd.cl\/sitio\/wp-json\/wp\/v2\/mec-events\/3276\/revisions\/3278"}],"wp:featuredmedia":[{"embeddable":true,"href":"https:\/\/salasscd.cl\/sitio\/wp-json\/wp\/v2\/media\/3277"}],"wp:attachment":[{"href":"https:\/\/salasscd.cl\/sitio\/wp-json\/wp\/v2\/media?parent=3276"}],"wp:term":[{"taxonomy":"post_tag","embeddable":true,"href":"https:\/\/salasscd.cl\/sitio\/wp-json\/wp\/v2\/tags?post=3276"},{"taxonomy":"mec_category","embeddable":true,"href":"https:\/\/salasscd.cl\/sitio\/wp-json\/wp\/v2\/mec_category?post=3276"}],"curies":[{"name":"wp","href":"https:\/\/api.w.org\/{rel}","templated":true}]}}